{"id":21,"date":"2016-10-03T14:52:15","date_gmt":"2016-10-03T17:52:15","guid":{"rendered":"http:\/\/creapb.org.br\/site\/?page_id=21"},"modified":"2016-10-03T14:56:59","modified_gmt":"2016-10-03T17:56:59","slug":"coordenacao-de-camaras-especializadas","status":"publish","type":"page","link":"https:\/\/creapb.org.br\/site\/coordenacao-de-camaras-especializadas\/","title":{"rendered":"Coordena\u00e7\u00e3o de C\u00e2maras Especializadas"},"content":{"rendered":"<p>A C\u00e2mara Especializada \u00e9 o \u00f3rg\u00e3o decis\u00f3rio da estrutura b\u00e1sica do CREA-PB que tem por finalidade apreciar e decidir os assuntos relacionados \u00e0 fiscaliza\u00e7\u00e3o do exerc\u00edcio profissional e sugerir medidas para o aperfei\u00e7oamento das atividades do Conselho Regional, constituindo a primeira inst\u00e2ncia de julgamento no \u00e2mbito de sua jurisdi\u00e7\u00e3o, ressalvado o caso de foro privilegiado.<\/p>\n<h2>Coordenadores<\/h2>\n<p><strong>Hugo Barbosa de Paiva Junior<\/strong><br \/>\nEdmilson Alter Campos Martins<\/p>\n<p><strong>Jose\u0301 Humberto A. de Albuqueruque<\/strong><br \/>\nRoberto Wagner Cavalcanti Raposo<\/p>\n<p><strong>Martinho Nobre Tomaz de Souza<\/strong><br \/>\nMa\u0301rcos La\u0301zaro de Andrade Quirino<\/p>\n<p><strong>Mauri\u0301cio Timo\u0301theo de Souza<\/strong><br \/>\nJorge Luiz Rocha<\/p>\n<p>Atualmente est\u00e3o institu\u00eddas no CREA-PB cinco C\u00e2maras Especializadas:<\/p>\n<h2>C\u00c2MARA ESPECIALIZADA DE ENGa CIVIL E AGRIMENSURA \u2013 CEEAC<\/h2>\n<p><strong>TITULARES:<\/strong><\/p>\n<p><strong><\/strong>01. RAIMUNDO GILSON VIEIRA FRADE<br \/>\n02. ADILSON DIAS DE PONTES<br \/>\n03. LUIZ DE GONZAGA SILVA<br \/>\n04. (s\/indica\u00e7\u00e3o &#8211; agrimensor)<br \/>\n05. VIRGINIA ODETE CRUZ BARROCA<br \/>\n06. ARN\u00d3BIO DIAS DE PONTES<br \/>\n07. EVALDO DE ALMEIDA FERNANDES<br \/>\n08. EULIO RUD\u00c1 BORGES GAMBARRA<br \/>\n09. EDMILSON ALTER CAMPOS MARTINS<br \/>\n10. HUGO BARBOSA DE PAIVA JUNIOR<br \/>\n11. MARIA APARECIDA RODRIGUES ESTRELA<br \/>\n12. OT\u00c1VIO ALFREDO FALC\u00c3O DE O. LIMA<br \/>\n13. ANTONIO MOUSINHO FERNANDES FILHO<br \/>\n14. DINIVAL DANTAS DE FRAN\u00c7A FILHO<br \/>\n15. ANTONIO FERREIRA LOPES FILHO<br \/>\n16. MARCO ANTONIO RUCHET PIRES<br \/>\n17. CARMEM ELEONORA C. AMORIM SOARES<br \/>\n18. Ma VERONICA DE ASSIS CORREIA<br \/>\n19. PAULO RICARDO MAROJA RIBEIRO<br \/>\n20. JOS\u00c9 S\u00c9RGIO A. DE ALMEIDA<br \/>\n21. FRANCISCO DE ASSIS ARA\u00daJO NETO<br \/>\n22. K\u00c1TIA LEMOS DINIZ<br \/>\n23. EVELYNE EMANUELE PEREIRA LIMA<\/p>\n<p><strong>SUPLENTES: <\/strong><\/p>\n<p>01. RITA DE CASSIA O. VASCONCELOS<br \/>\n02. LEDSON LEIT\u00c3O BATISTA<br \/>\n03. (s\/indica\u00e7\u00e3o)<br \/>\n04. (s\/indica\u00e7\u00e3o)<br \/>\n05. ADALBERTO SALES DE OLIVEIRA<br \/>\n06. C\u00c1SSIO AUGUSTO CANAN\u00c9A ANDRADE<br \/>\n07. RICARDO ALMEIDA GOMES<br \/>\n08. TARCISO CABRAL DA SILVA<br \/>\n09. MARIA GORETH GUEDES DE MORAIS<br \/>\n10. FERNANDO LUIZ DA SILVA CORDEIRO<br \/>\n11. F\u00c1BIO FERNANDES DA SILVA<br \/>\n12. FABIANO LUCENA BEZERRA<br \/>\n13. ARIVALDO BATISTA DO CARMO<br \/>\n14. (s\/indica\u00e7\u00e3o)<br \/>\n15. C\u00cdCERO BENTO FERNANDES FILHO<br \/>\n16. WALDEMIR LOPES DE ANDRADE J\u00daNIOR<br \/>\n17. ELISABETH RAMOS DE LIMA<br \/>\n18. ARMANDO ATA\u00cdDE RIBEIRO FILHO<br \/>\n19. ANTENOR JER\u00d4NIMO LEITE<br \/>\n20. FRANCISCO DE SALES PEREIRA<br \/>\n21. GIUSEPPE TONI FILHO<br \/>\n22. WALDERLEY MENDES DINIZ<br \/>\n23. (s\/indica\u00e7\u00e3o)<\/p>\n<p><strong>REPRESENTANTE DO PLEN\u00c1RIO:<\/strong><\/p>\n<p><strong><\/strong>Eng. Elet. DIEGO PERAZZO CREAZZOLA DE MACEO<\/p>\n<h2>C\u00c2MARA ESPECIALIZADA DE AGRONOMIA \u2013 CEA<\/h2>\n<p><strong>TITULARES: <\/strong><\/p>\n<p>01. MARIA SALLYDEL\u00c2NDIA SOBRAL DE FARIAS<br \/>\n02. JOS\u00c9 HUMBERTO A. DE ALBUQUERQUE<br \/>\n03. S\u00c9RGIO BARBOSA DE ALMEIDA<br \/>\n04. ANSELMO DE ALMEIDA LUNA<br \/>\n05. JO\u00c3O ALBERTO SILVEIRA DE SOUZA<br \/>\n06. ADERALDO LUIZ DE LIMA<br \/>\n07. ROBERTO WAGNER CAVALCANTI RAPOSO<\/p>\n<p><strong>SUPLENTES: <\/strong><\/p>\n<p>01. (s\/indica\u00e7\u00e3o)<br \/>\n02. ALBERTO S\u00c9RGIO DE CARVALHO ONOFRE<br \/>\n03. (s\/indica\u00e7\u00e3o)<br \/>\n04. ANTONIO ALBERTO DINIZ DE MEDEIROS<br \/>\n05. JOS\u00c9 FRAN\u00c7OIS PAULINO DE OLIVEIRA<br \/>\n06. (s\/indica\u00e7\u00e3o)<br \/>\n07. MANOEL BANDEIRA DE ALBUQUERQUE<\/p>\n<p><strong>REPRESENTANTE DO PLEN\u00c1RIO:<\/strong><\/p>\n<p><strong><\/strong>Eng. Civ. FRANCISCO DE ASSIS ARA\u00daJO NETO<\/p>\n<p>&nbsp;<\/p>\n<h2>C\u00c2MARA ESPECIALIZADA DE ENGENHARIA EL\u00c9TRICA \u2013 CEEE<\/h2>\n<p><strong>TITULARES:<\/strong><\/p>\n<p><strong><\/strong>01. MARCOS L\u00c1ZARO DE A. QUIRINO<br \/>\n02. ANTONIO DOS SANTOS D\u00c1LIA<br \/>\n03. MARTINHO NOBRE TOMAZ DE SOUZA<br \/>\n04. LUIZ CARLOS CARVALHO DE OLIVEIRA<br \/>\n05. DIEGO PERAZZO CREAZZOLA CAMPOS<\/p>\n<p><strong>SUPLENTES:<\/strong><\/p>\n<p><strong><\/strong>01. LUIZ VALLAD\u00c3O FERREIRA<br \/>\n02. ITALO ORIENTE<br \/>\n03. HERCULES TEJO PEREIRA<br \/>\n04. EVERALDO SOUTO SALVADOR<br \/>\n05. EULER CASSIO TAVARES DE MACEDO<\/p>\n<p><strong>REPRESENTANTE DO PLEN\u00c1RIO:<\/strong><\/p>\n<p><strong><\/strong>Eng. Civ. ANTONIO MOUSINHO FERNANDES FILHO<\/p>\n<h2>C\u00c2MARA ESPECIALIZADA DE ENGa MECAN\/METAL\/QUIMICA\/GEOMINAS<\/h2>\n<p><strong>TITULARES:<\/strong><\/p>\n<p>01. JORGE LUIZ ROCHA<br \/>\n02. ALBERTO DE MATOS MAIA<br \/>\n03. J\u00daLIO SARAIVA TORRES FILHO<br \/>\n04. MAUR\u00cdCIO TIM\u00d3THEO DE SOUZA<br \/>\n05. CARLOS CABRAL DE ARA\u00daJO<br \/>\n06. LUIS EDUARDO DE V. CHAVES<br \/>\n07. F\u00c1BIO MORAIS BORGES<br \/>\n08. IURE BORGES DE MOURA AQUINO<\/p>\n<p><strong>SUPLENTES: <\/strong><\/p>\n<p>01. LUIZ CARLOS GOMES DA SILVA<br \/>\n02. AMAURI DE ALMEIDA CAVALCANTI<br \/>\n03. (s\/indica\u00e7\u00e3o)<br \/>\n04. (s\/indica\u00e7\u00e3o)<br \/>\n05. (s\/indica\u00e7\u00e3o)<br \/>\n06. JO\u00c3O BOSCO BURGOS COSTA<br \/>\n07. (s\/indica\u00e7\u00e3o)<br \/>\n08. (s\/indica\u00e7\u00e3o)<\/p>\n<p><strong>REPRESENTANTE DO PLEN\u00c1RIO:<\/strong><\/p>\n<p>Eng. Civ. Ma APARECIDA RODRIGUES ESTRELA<\/p>\n","protected":false},"excerpt":{"rendered":"<p>A C\u00e2mara Especializada \u00e9 o \u00f3rg\u00e3o decis\u00f3rio da estrutura b\u00e1sica do CREA-PB que tem por finalidade apreciar e decidir os assuntos relacionados \u00e0 fiscaliza\u00e7\u00e3o do exerc\u00edcio profissional e sugerir medidas para o aperfei\u00e7oamento das atividades do Conselho Regional, constituindo a primeira inst\u00e2ncia de julgamento no \u00e2mbito de sua jurisdi\u00e7\u00e3o, ressalvado o caso de foro privilegiado. Coordenadores Hugo Barbosa de Paiva Junior Edmilson Alter Campos Martins Jose\u0301 Humberto A. de Albuqueruque Roberto Wagner Cavalcanti Raposo Martinho Nobre Tomaz de Souza Ma\u0301rcos La\u0301zaro de Andrade Quirino Mauri\u0301cio Timo\u0301theo de Souza Jorge Luiz Rocha Atualmente est\u00e3o institu\u00eddas no CREA-PB cinco C\u00e2maras Especializadas: C\u00c2MARA [&hellip;]<\/p>\n","protected":false},"author":1,"featured_media":0,"parent":0,"menu_order":0,"comment_status":"closed","ping_status":"closed","template":"","meta":{"_acf_changed":false,"footnotes":""},"class_list":["post-21","page","type-page","status-publish","hentry"],"acf":[],"_links":{"self":[{"href":"https:\/\/creapb.org.br\/site\/wp-json\/wp\/v2\/pages\/21","targetHints":{"allow":["GET"]}}],"collection":[{"href":"https:\/\/creapb.org.br\/site\/wp-json\/wp\/v2\/pages"}],"about":[{"href":"https:\/\/creapb.org.br\/site\/wp-json\/wp\/v2\/types\/page"}],"author":[{"embeddable":true,"href":"https:\/\/creapb.org.br\/site\/wp-json\/wp\/v2\/users\/1"}],"replies":[{"embeddable":true,"href":"https:\/\/creapb.org.br\/site\/wp-json\/wp\/v2\/comments?post=21"}],"version-history":[{"count":2,"href":"https:\/\/creapb.org.br\/site\/wp-json\/wp\/v2\/pages\/21\/revisions"}],"predecessor-version":[{"id":23,"href":"https:\/\/creapb.org.br\/site\/wp-json\/wp\/v2\/pages\/21\/revisions\/23"}],"wp:attachment":[{"href":"https:\/\/creapb.org.br\/site\/wp-json\/wp\/v2\/media?parent=21"}],"curies":[{"name":"wp","href":"https:\/\/api.w.org\/{rel}","templated":true}]}}