{"id":14763,"date":"2017-07-19T10:08:52","date_gmt":"2017-07-19T13:08:52","guid":{"rendered":"http:\/\/creapb.org.br\/transparencia\/?page_id=14763"},"modified":"2017-07-24T18:16:08","modified_gmt":"2017-07-24T21:16:08","slug":"chamamento-publico","status":"publish","type":"page","link":"https:\/\/creapb.org.br\/transparencia\/participacao-social\/chamamento-publico\/","title":{"rendered":"Chamamento P\u00fablico"},"content":{"rendered":"<p><img loading=\"lazy\" decoding=\"async\" class=\"size-full wp-image-16317 alignleft\" src=\"https:\/\/creapb.org.br\/transparencia\/wp-content\/uploads\/2017\/07\/minerva.gif\" alt=\"\" width=\"139\" height=\"142\" \/>Nesta se\u00e7\u00e3o s\u00e3o divulgadas informa\u00e7\u00f5es referentes ao\u00a0Chamamento P\u00fablico que tem por objetivo selecionar as propostas mais eficazes para execu\u00e7\u00e3o de projetos de interesse compartilhado entre o Confea e as entidades sem fins lucrativos vinculadas ao Sistema Confea\/Crea, que atuar\u00e3o como\u00a0parceiras na implementa\u00e7\u00e3o de pol\u00edticas\u00a0voltadas \u00e0 fiscaliza\u00e7\u00e3o do exerc\u00edcio e \u00e0 regulamenta\u00e7\u00e3o das profiss\u00f5es, \u00e0 \u00e9tica, \u00e0 valoriza\u00e7\u00e3o e ao aprimoramento profissional, bem como de\u00a0pol\u00edticas relacionadas ao exerc\u00edcio e \u00e0s atividades das profiss\u00f5es vinculadas ao Sistema Confea\/Crea.<\/p>\n<p>Podem participar do Chamamento P\u00fablico\u00a0por meio da apresenta\u00e7\u00e3o de projetos as entidades de classe nacionais credenciadas junto ao Col\u00e9gio de Entidades Nacionais \u2013 CDEN, as\u00a0entidades de classe reconhecidas como precursoras \u00a0e as\u00a0entidades de classe regionais que, registradas no Crea conforme disposto na Resolu\u00e7\u00e3o n\u00ba 1.070, de 2015, possuam v\u00ednculo federativo com entidade nacional credenciada no CDEN.<\/p>\n<p>Os procedimentos para o Chamamento P\u00fablico foram institu\u00eddos a partir da Lei n\u00ba 13.019, de 2014, e est\u00e3o regulamentados pela\u00a0<a href=\"http:\/\/normativos.confea.org.br\/ementas\/visualiza.asp?idEmenta=59425&amp;idTiposEmentas=5&amp;Numero=1075&amp;AnoIni=&amp;AnoFim=&amp;PalavraChave=&amp;buscarem=conteudo&amp;vigente=\">Resolu\u00e7\u00e3o n\u00ba 1.075, de 14 de junho de 2016<\/a>.<\/p>\n<blockquote>\n<p style=\"text-align: center;\"><a href=\"http:\/\/transparencia.confea.org.br\/chamamento-publico\/\">CLIQUE AQUI PARA ACESSAR OS CHAMAMENTOS P\u00daBLICOS DO CONFEA<\/a><\/p>\n<\/blockquote>\n","protected":false},"excerpt":{"rendered":"<p>Nesta se\u00e7\u00e3o s\u00e3o divulgadas informa\u00e7\u00f5es referentes ao\u00a0Chamamento P\u00fablico que tem por objetivo selecionar as propostas mais eficazes para execu\u00e7\u00e3o de projetos de interesse compartilhado entre o Confea e as entidades sem fins lucrativos vinculadas ao Sistema Confea\/Crea, que atuar\u00e3o como\u00a0parceiras na implementa\u00e7\u00e3o de pol\u00edticas\u00a0voltadas \u00e0 fiscaliza\u00e7\u00e3o do exerc\u00edcio e \u00e0 regulamenta\u00e7\u00e3o das profiss\u00f5es, \u00e0 \u00e9tica, \u00e0 valoriza\u00e7\u00e3o e ao aprimoramento profissional, bem como de\u00a0pol\u00edticas relacionadas ao exerc\u00edcio e \u00e0s atividades das profiss\u00f5es vinculadas ao Sistema Confea\/Crea. Podem participar do Chamamento P\u00fablico\u00a0por meio da apresenta\u00e7\u00e3o de projetos as entidades de classe nacionais credenciadas junto ao Col\u00e9gio de Entidades Nacionais \u2013 CDEN, [&hellip;]<\/p>\n","protected":false},"author":1,"featured_media":0,"parent":14754,"menu_order":0,"comment_status":"closed","ping_status":"closed","template":"","meta":{"_acf_changed":false,"footnotes":""},"class_list":["post-14763","page","type-page","status-publish","hentry"],"acf":[],"_links":{"self":[{"href":"https:\/\/creapb.org.br\/transparencia\/wp-json\/wp\/v2\/pages\/14763","targetHints":{"allow":["GET"]}}],"collection":[{"href":"https:\/\/creapb.org.br\/transparencia\/wp-json\/wp\/v2\/pages"}],"about":[{"href":"https:\/\/creapb.org.br\/transparencia\/wp-json\/wp\/v2\/types\/page"}],"author":[{"embeddable":true,"href":"https:\/\/creapb.org.br\/transparencia\/wp-json\/wp\/v2\/users\/1"}],"replies":[{"embeddable":true,"href":"https:\/\/creapb.org.br\/transparencia\/wp-json\/wp\/v2\/comments?post=14763"}],"version-history":[{"count":3,"href":"https:\/\/creapb.org.br\/transparencia\/wp-json\/wp\/v2\/pages\/14763\/revisions"}],"predecessor-version":[{"id":16319,"href":"https:\/\/creapb.org.br\/transparencia\/wp-json\/wp\/v2\/pages\/14763\/revisions\/16319"}],"up":[{"embeddable":true,"href":"https:\/\/creapb.org.br\/transparencia\/wp-json\/wp\/v2\/pages\/14754"}],"wp:attachment":[{"href":"https:\/\/creapb.org.br\/transparencia\/wp-json\/wp\/v2\/media?parent=14763"}],"curies":[{"name":"wp","href":"https:\/\/api.w.org\/{rel}","templated":true}]}}